{"id":6288,"date":"2020-03-02T16:49:54","date_gmt":"2020-03-02T16:49:54","guid":{"rendered":"http:\/\/digitalmemories.be\/?page_id=6288"},"modified":"2020-03-30T14:23:49","modified_gmt":"2020-03-30T14:23:49","slug":"00-inicio-2","status":"publish","type":"page","link":"https:\/\/digitalmemories.be\/","title":{"rendered":"Inicio"},"content":{"rendered":"[vc_row type=\u00bbfull_width_content\u00bb full_screen_row_position=\u00bbmiddle\u00bb column_margin=\u00bbdefault\u00bb bg_image=\u00bb9&#8243; bg_position=\u00bbcenter center\u00bb bg_repeat=\u00bbno-repeat\u00bb bg_color=\u00bb#ffffff\u00bb scene_position=\u00bbcenter\u00bb text_color=\u00bbdark\u00bb text_align=\u00bbcenter\u00bb enable_gradient=\u00bbtrue\u00bb color_overlay=\u00bb#585b64&#8243; color_overlay_2=\u00bb#2c2f38&#8243; gradient_direction=\u00bbleft_t_to_right_b\u00bb overlay_strength=\u00bb0.95&#8243; shape_divider_position=\u00bbbottom\u00bb bg_image_animation=\u00bbnone\u00bb shape_type=\u00bb\u00bb][vc_column centered_text=\u00bbtrue\u00bb column_padding=\u00bbno-extra-padding\u00bb column_padding_position=\u00bball\u00bb background_color_opacity=\u00bb1&#8243; background_hover_color_opacity=\u00bb1&#8243; column_link_target=\u00bb_self\u00bb column_shadow=\u00bbnone\u00bb column_border_radius=\u00bbnone\u00bb width=\u00bb1\/1&#8243; tablet_width_inherit=\u00bbdefault\u00bb tablet_text_alignment=\u00bbdefault\u00bb phone_text_alignment=\u00bbdefault\u00bb overlay_strength=\u00bb0.3&#8243; column_border_width=\u00bbnone\u00bb column_border_style=\u00bbsolid\u00bb bg_image_animation=\u00bbnone\u00bb][image_with_animation image_url=\u00bb6251&#8243; alignment=\u00bbcenter\u00bb animation=\u00bbFade In\u00bb hover_animation=\u00bbnone\u00bb border_radius=\u00bbnone\u00bb box_shadow=\u00bbnone\u00bb image_loading=\u00bbdefault\u00bb max_width=\u00bb100%\u00bb max_width_mobile=\u00bbdefault\u00bb][\/vc_column][\/vc_row][vc_row type=\u00bbfull_width_background\u00bb full_screen_row_position=\u00bbmiddle\u00bb column_margin=\u00bbdefault\u00bb scene_position=\u00bbcenter\u00bb text_color=\u00bbdark\u00bb text_align=\u00bbleft\u00bb top_padding=\u00bb3%\u00bb enable_gradient=\u00bbtrue\u00bb color_overlay=\u00bb#ffffff\u00bb gradient_direction=\u00bbtop_to_bottom\u00bb overlay_strength=\u00bb1&#8243; shape_divider_position=\u00bbbottom\u00bb bg_image_animation=\u00bbnone\u00bb shape_type=\u00bb\u00bb][vc_column column_padding=\u00bbno-extra-padding\u00bb column_padding_position=\u00bball\u00bb background_color_opacity=\u00bb1&#8243; background_hover_color_opacity=\u00bb1&#8243; column_link_target=\u00bb_self\u00bb column_shadow=\u00bbnone\u00bb column_border_radius=\u00bbnone\u00bb width=\u00bb1\/6&#8243; tablet_width_inherit=\u00bbdefault\u00bb tablet_text_alignment=\u00bbdefault\u00bb phone_text_alignment=\u00bbdefault\u00bb overlay_strength=\u00bb0.3&#8243; column_border_width=\u00bbnone\u00bb column_border_style=\u00bbsolid\u00bb bg_image_animation=\u00bbnone\u00bb][\/vc_column][vc_column column_padding=\u00bbpadding-1-percent\u00bb column_padding_position=\u00bball\u00bb background_color_opacity=\u00bb1&#8243; background_hover_color_opacity=\u00bb1&#8243; column_link_target=\u00bb_self\u00bb column_shadow=\u00bbnone\u00bb column_border_radius=\u00bbnone\u00bb width=\u00bb2\/3&#8243; tablet_width_inherit=\u00bbdefault\u00bb tablet_text_alignment=\u00bbdefault\u00bb phone_text_alignment=\u00bbdefault\u00bb overlay_strength=\u00bb0.3&#8243; column_border_width=\u00bbnone\u00bb column_border_style=\u00bbsolid\u00bb bg_image_animation=\u00bbnone\u00bb][split_line_heading animation_type=\u00bbdefault\u00bb]\n<h2 class=\"vc_custom_heading\" style=\"text-align: center;\">&#8216;TODOS SOMOS AYOTZINAPA&#8217;: EL ROL DE LOS MEDIOS DIGITALES EN LA FORMACI\u00d3N DE MEMORIAS TRANSNACIONALES SOBRE LA DESAPARICI\u00d3N<\/h2>\n[\/split_line_heading][vc_row_inner column_margin=\u00bbdefault\u00bb top_padding=\u00bb15&#8243; bottom_padding=\u00bb25&#8243; text_align=\u00bbleft\u00bb][vc_column_inner column_padding=\u00bbno-extra-padding\u00bb column_padding_position=\u00bball\u00bb background_color_opacity=\u00bb1&#8243; background_hover_color_opacity=\u00bb1&#8243; column_shadow=\u00bbnone\u00bb column_border_radius=\u00bbnone\u00bb column_link_target=\u00bb_self\u00bb width=\u00bb1\/1&#8243; tablet_width_inherit=\u00bbdefault\u00bb overlay_strength=\u00bb0.3&#8243; column_border_width=\u00bbnone\u00bb column_border_style=\u00bbsolid\u00bb bg_image_animation=\u00bbnone\u00bb enable_animation=\u00bbtrue\u00bb animation=\u00bbfade-in-from-bottom\u00bb][vc_column_text]\n<div class=\"vc_row wpb_row vc_row-fluid\">\n<div class=\"wpb_column vc_column_container vc_col-sm-12\">\n<div class=\"vc_column-inner\">\n<div class=\"wpb_wrapper\">\n<div class=\"wpb_text_column wpb_content_element \">\n<div class=\"wpb_wrapper\">\n<div class=\"vc_row wpb_row vc_row-fluid vc_custom_1498676920310\">\n<div class=\"wpb_column vc_column_container vc_col-sm-12\">\n<div class=\"vc_column-inner\">\n<div class=\"wpb_wrapper\">\n<div class=\"wpb_text_column wpb_content_element \">\n<div class=\"wpb_wrapper\">\n<p style=\"text-align: justify;\">Desde los a\u00f1os 80, los estudios de memoria han investigado la forma en que las sociedades recuerdan y olvidan. Sabemos mucho acerca de c\u00f3mo las naciones recuerdan, y tambi\u00e9n sobre el rol de los medios tradicionales en la forma en que ciertos eventos son registrados y diseminados. Sin embargo, la globalizaci\u00f3n cambi\u00f3 radicalmente este escenario: los medios digitales han afectado sustancialmente la relaci\u00f3n entre medios y memoria, propulsando la transnacionalizaci\u00f3n de fen\u00f3menos considerados tradicionalmente situados en el marco del estado-naci\u00f3n. \u00bfC\u00f3mo afectan los medios digitales al concepto cultural de memoria? \u00bfCu\u00e1les son los rasgos que hacen a esta memoria diferente de la memoria mediatizada en la era anal\u00f3gica? \u00bfEn qu\u00e9 medida ha cambiado el concepto de \u2018memoria nacional\u2019 en el escenario global? Para responder a estas preguntas, el proyecto \u201cDigital Memories\u201d, financiado por una beca \u201cStarting Grant\u201d del Consejo Europeo de Investigaci\u00f3n, investiga la construcci\u00f3n de una memoria que est\u00e1 a\u00fan en formaci\u00f3n: la desaparici\u00f3n de 43 estudiantes en Ayotzinapa, M\u00e9xico, en septiembre de 2014. Combinando perspectivas de estudios de memoria, estudios culturales, ciencias de la comunicaci\u00f3n, derecho, historia y sociolog\u00eda, \u201cDigital Memories\u201d tiene como objetivo proporcionar un modelo te\u00f3rico para analizar eventos traum\u00e1ticos que adquieren una dimensi\u00f3n global en la ecolog\u00eda digital.<\/p>\n<\/div>\n<\/div>\n<\/div>\n<\/div>\n<\/div>\n<\/div>\n<div class=\"vc_row wpb_row vc_row-fluid videoWrapper\">\n<div class=\"wpb_column vc_column_container vc_col-sm-12\">\n<div class=\"vc_column-inner\">\n<div class=\"wpb_wrapper\">\n<div class=\"wpb_video_widget wpb_content_element vc_clearfix vc_video-aspect-ratio-169 vc_video-el-width-90 vc_video-align-center\">\n<div class=\"wpb_wrapper\" style=\"text-align: justify;\"><\/div>\n<\/div>\n<\/div>\n<\/div>\n<\/div>\n<\/div>\n<\/div>\n<\/div>\n<\/div>\n<\/div>\n<\/div>\n<\/div>\n[\/vc_column_text][vc_video link=\u00bbhttps:\/\/youtu.be\/CyhnpCPlmw8&#8243; align=\u00bbcenter\u00bb][\/vc_column_inner][\/vc_row_inner][\/vc_column][vc_column column_padding=\u00bbno-extra-padding\u00bb column_padding_position=\u00bball\u00bb background_color_opacity=\u00bb1&#8243; background_hover_color_opacity=\u00bb1&#8243; column_link_target=\u00bb_self\u00bb column_shadow=\u00bbnone\u00bb column_border_radius=\u00bbnone\u00bb width=\u00bb1\/6&#8243; tablet_width_inherit=\u00bbdefault\u00bb tablet_text_alignment=\u00bbdefault\u00bb phone_text_alignment=\u00bbdefault\u00bb overlay_strength=\u00bb0.3&#8243; column_border_width=\u00bbnone\u00bb column_border_style=\u00bbsolid\u00bb bg_image_animation=\u00bbnone\u00bb][\/vc_column][\/vc_row][vc_row type=\u00bbfull_width_background\u00bb full_screen_row_position=\u00bbmiddle\u00bb column_margin=\u00bbdefault\u00bb scene_position=\u00bbcenter\u00bb text_color=\u00bbdark\u00bb text_align=\u00bbleft\u00bb top_padding=\u00bb3%\u00bb bottom_padding=\u00bb3%\u00bb disable_element=\u00bbyes\u00bb enable_gradient=\u00bbtrue\u00bb color_overlay=\u00bb#ffffff\u00bb gradient_direction=\u00bbtop_to_bottom\u00bb overlay_strength=\u00bb1&#8243; shape_divider_position=\u00bbbottom\u00bb bg_image_animation=\u00bbnone\u00bb shape_type=\u00bb\u00bb][vc_column centered_text=\u00bbtrue\u00bb column_padding=\u00bbno-extra-padding\u00bb column_padding_position=\u00bball\u00bb background_color_opacity=\u00bb1&#8243; background_hover_color_opacity=\u00bb1&#8243; column_link_target=\u00bb_self\u00bb column_shadow=\u00bbnone\u00bb column_border_radius=\u00bbnone\u00bb width=\u00bb1\/1&#8243; tablet_width_inherit=\u00bbdefault\u00bb tablet_text_alignment=\u00bbdefault\u00bb phone_text_alignment=\u00bbdefault\u00bb overlay_strength=\u00bb0.3&#8243; column_border_width=\u00bbnone\u00bb column_border_style=\u00bbsolid\u00bb bg_image_animation=\u00bbnone\u00bb][split_line_heading animation_type=\u00bbdefault\u00bb]\n<h2 class=\"vc_custom_heading\" style=\"text-align: center;\">EL EQUIPO<\/h2>\n[\/split_line_heading][vc_row_inner column_margin=\u00bbdefault\u00bb text_align=\u00bbleft\u00bb][vc_column_inner column_padding=\u00bbno-extra-padding\u00bb column_padding_position=\u00bball\u00bb centered_text=\u00bbtrue\u00bb background_color_opacity=\u00bb1&#8243; background_hover_color_opacity=\u00bb1&#8243; column_shadow=\u00bbnone\u00bb column_border_radius=\u00bbnone\u00bb column_link_target=\u00bb_self\u00bb width=\u00bb1\/3&#8243; tablet_width_inherit=\u00bbdefault\u00bb overlay_strength=\u00bb0.3&#8243; column_border_width=\u00bbnone\u00bb column_border_style=\u00bbsolid\u00bb bg_image_animation=\u00bbnone\u00bb][team_member image_url=\u00bb6267&#8243; bio_alt_image_url=\u00bb6266&#8243; team_memeber_style=\u00bbbio_fullscreen_alt\u00bb image_loading=\u00bbdefault\u00bb name=\u00bbSilvana Mandolessi\u00bb job_position=\u00bbDirectora e Investigadora Principal\u00bb team_member_bio=\u00bbSilvana Mandolessi es profesora de Estudios Culturales en la KU Leuven. Es autora de Una literatura abyecta. Gombrowicz en la tradici\u00f3n argentina (Brill, 2012) y co-editora deel n\u00famero especial \u2018Transnational memory in the Hispanic World\u201d European Review(Cambridge University Press, 2014),Estudios sobre memoria. Perspectivas actuales y nuevos escenarios (Eduvim, 2015), Desaparecidos, hijos y combatientes en el arte y la literatura del nuevo milenio (Eudeba, 2017), \u201cSujetos, territorios y culturas en tr\u00e1nsito. Dimensiones de lo transnacional en la cultura hisp\u00e1nica contempor\u00e1nea\u201d Nuevo Texto Cr\u00edtico (Stanford University Press, en prensa).<\/p>\n<p>Ha sido co-directora del proyecto \u201c\u201cTransit: Transnationality at Large. The Transnational Dimension of Hispanic Culture in the XXth and XXIth Centuries\u201d, financiado por la Comisi\u00f3n Europea y actualmente dirige el proyecto ERC Starting Grant \u201cTodos somos Ayotzinapa: el rol de los medios digitales en la formaci\u00f3n de memorias transnacionales sobre la desaparici\u00f3n\u201d, financiado por el European Research Council.\u00bb][team_member image_url=\u00bb6277&#8243; bio_alt_image_url=\u00bb6276&#8243; team_memeber_style=\u00bbbio_fullscreen_alt\u00bb image_loading=\u00bbdefault\u00bb name=\u00bbSophie Dufays\u00bb job_position=\u00bbInvestigadora postdoctoral\u00bb team_member_bio=\u00bbSophie Dufays es Doctora en Filosof\u00eda y Letras por la Universidad de Louvain (UCLouvain), especialista del cine y de la cultura hispanoamericanos. Ha trabajado como investigadora de postdoctorado (F.R.S-FNRS, Fonds National de Recherche Scientifique de Belgique, 2013-2016), como profesora invitada en la UCLouvain, la Universidad de Gante y la de Lieja (2017) y ha sido investigadora visitante en la Universidad de Stanford (2014).<\/p>\n<p>Es autora de los libros El ni\u00f1o en el cine argentino de la postdictadura (Tamesis 2014) e Infancia y melancol\u00eda en el cine argentino (Biblos 2016) y coeditora de dos vol\u00famenes colectivos sobre los usos de la canci\u00f3n en los cines de Am\u00e9rica Latina y Europa (Libraria, 2018 y Peter Lang, 2019). Tambi\u00e9n ha co-dirigido dos dossiers tem\u00e1ticos en revistas cient\u00edficas (Intimidad y pol\u00edtica en la literatura y el cine hispanoamericanos contempor\u00e1neos, Letras Hispanas, 2016); y M\u00e9lodrame et trag\u00e9die. Regards crois\u00e9s entre le cin\u00e9ma et le th\u00e9\u00e2tre hispano-am\u00e9ricains du Mexique et d\u2019Argentine, Savoirs en Prisme, 2017).<\/p>\n<p>En el marco del proyecto, Sophie se interesa principalmente por el impacto de la cultura y las herramientas digitales en la concepci\u00f3n y la difusi\u00f3n de materiales audiovisuales en torno a los desaparecidos en M\u00e9xico (especialmente los de Ayotzinapa), considerando todo tipo de formato. En particular, analiza los tratamientos y las interpretaciones del rostro, de la voz y del paisaje en esas producciones y los articula con las nociones de trauma, afecto y desecho para entender desde ah\u00ed las relaciones complejas entre memoria y desaparici\u00f3n.\u00bb][\/vc_column_inner][vc_column_inner column_padding=\u00bbno-extra-padding\u00bb column_padding_position=\u00bball\u00bb centered_text=\u00bbtrue\u00bb background_color_opacity=\u00bb1&#8243; background_hover_color_opacity=\u00bb1&#8243; column_shadow=\u00bbnone\u00bb column_border_radius=\u00bbnone\u00bb column_link_target=\u00bb_self\u00bb width=\u00bb1\/3&#8243; tablet_width_inherit=\u00bbdefault\u00bb overlay_strength=\u00bb0.3&#8243; column_border_width=\u00bbnone\u00bb column_border_style=\u00bbsolid\u00bb bg_image_animation=\u00bbnone\u00bb][team_member image_url=\u00bb6268&#8243; bio_alt_image_url=\u00bb6269&#8243; team_memeber_style=\u00bbbio_fullscreen_alt\u00bb image_loading=\u00bbdefault\u00bb name=\u00bbKatia Olalde\u00bb job_position=\u00bbInvestigadora postdoctoral\u00bb team_member_bio=\u00bbKatia Olalde es Doctora en Historia del Arte por la Universidad Nacional Aut\u00f3noma de M\u00e9xico (UNAM). Su investigaci\u00f3n explora los v\u00ednculos que algunas formas de arte y de activismo cultural tienen con las acciones de resistencia civil, los duelos y la configuraci\u00f3n de memorias disidentes en contextos marcados por la violencia y la impunidad. En su tesis doctoral examin\u00f3 la dimensi\u00f3n p\u00fablica, pol\u00edtica y sensible de algunos proyectos colaborativos que se plantearon como objetivo hacer que los recuentos de homicidios y despariciones ocurridas durante la llamada \u2018guerra contra el narcotr\u00e1fico en M\u00e9xico\u2019 aparecieran ante la mirada p\u00fablica como p\u00e9rdidas irreparables de vidas humanas y no como cifras abstractas o \u2018da\u00f1os colaterales\u2019.<\/p>\n<p>En el marco de este proyecto Katia estudia el papel que los retratos de los desaparecidos tienen en las estrategias digitales de denuncia y examina el significado que nociones como \u2018espacio p\u00fablico\u2019, \u2018comunidad\u2019 o \u2018accion directa\u2019 adquieren cuando pensamos en los esquemas de colaboraci\u00f3n trasnacional que se establecen por medio de las redes digitales. El t\u00edtlulo provisional de esta investigaci\u00f3n es: \u2018De los cuerpos insepultos a la ausencia de los desaparecidos. El tr\u00e1nsito de la palabra a la imagen en #IlustradoresConAyotzinapa\u2019.\u00bb][team_member image_url=\u00bb6279&#8243; bio_alt_image_url=\u00bb6278&#8243; team_memeber_style=\u00bbbio_fullscreen_alt\u00bb image_loading=\u00bbdefault\u00bb name=\u00bbFabiola Navarro\u00bb job_position=\u00bbInvestigadora postdoctoral\u00bb team_member_bio=\u00bbFabiola Navarro tiene un Doctorado en Ciencias y Artes para el Dise\u00f1o de la Universidad Aut\u00f3noma Metropolitana-Xochimilco y es investigadora en medios en el Departamento de Estudios Culturales en la KU Leuven.<\/p>\n<p>Hizo una estancia post-doctoral en el CriDIS\/UCL \u2212Centre de recherche interdisciplinaire \u00abD\u00e9mocratie, Institutions, Subjectivit\u00e9\u00bb, Universit\u00e9 Catholique de Louvain\u2212 (2016) y previamente tuvo un puesto acad\u00e9mico en el Departamento de Ciencias de la Comunicaci\u00f3n y Dise\u00f1o en la Universidad Aut\u00f3noma Metropolitana-Cuajimalpa (2009-2012). Es Magister en Media Arts and Imaging por el Jordanstone College of Art and Design de Dundee University y Maestra en Pedagog\u00eda por la Universidad Panamericana.<\/p>\n<p>Tiene una Licenciatura en Artes Visuales por la Escuela Nacional de Artes Pl\u00e1sticas de la Universidad Nacional Aut\u00f3noma de M\u00e9xico y en Ciencias de la Comunicaci\u00f3n de la Universidad Tecnol\u00f3gica de M\u00e9xico.<\/p>\n<p>Su inter\u00e9s se centra en la relaci\u00f3n entre medios digitales y ciudadan\u00eda. Para determinar el papel de las memorias digitales en el movimiento de desaparici\u00f3n forzada en el mundo Hispano, estudia los atributos del medio en una era global como refuerzo de una cultura c\u00edvica de derechos. Emergiendo de movimientos sociales y digitales previos, observa las pr\u00e1cticas hipermedia como vitales en la lucha social.\u00bb][\/vc_column_inner][vc_column_inner column_padding=\u00bbno-extra-padding\u00bb column_padding_position=\u00bball\u00bb centered_text=\u00bbtrue\u00bb background_color_opacity=\u00bb1&#8243; background_hover_color_opacity=\u00bb1&#8243; column_shadow=\u00bbnone\u00bb column_border_radius=\u00bbnone\u00bb column_link_target=\u00bb_self\u00bb width=\u00bb1\/3&#8243; tablet_width_inherit=\u00bbdefault\u00bb overlay_strength=\u00bb0.3&#8243; column_border_width=\u00bbnone\u00bb column_border_style=\u00bbsolid\u00bb bg_image_animation=\u00bbnone\u00bb][team_member image_url=\u00bb6271&#8243; bio_alt_image_url=\u00bb6272&#8243; team_memeber_style=\u00bbbio_fullscreen_alt\u00bb image_loading=\u00bbdefault\u00bb name=\u00bbLene Guercke\u00bb job_position=\u00bbInvestigadora doctoral\u00bb team_member_bio=\u00bbLene Guercke es Magister en Derechos Humanos por University College London (UCL) y Licenciada en Derecho y Pol\u00edtica International y Estudios de Conflicto y Paz por la London Metropolitan University. Actualmente se desempe\u00f1a como investigadora doctoral en el \u00e1rea de Derecho en la KU Leuven.<\/p>\n<p>Sus intereses de investigaci\u00f3n incluyen la responsabilidad de Estados respecto a cr\u00edmenes internacionales, estrategias de negaci\u00f3n, abordajes cr\u00edticos de derecho, as\u00ed como la extra territorialidad de obligaciones en materia de derechos humanos.<\/p>\n<p>En el marco del proyecto es responsable de la dimensi\u00f3n legal. Su investigaci\u00f3n se concentra en la relaci\u00f3n entre el derecho y la memoria (incluyendo pr\u00e1cticas de memoria) en casos de desaparici\u00f3n forzada tanto en M\u00e9xico como en otros pa\u00edses, as\u00ed como en las cuestiones jur\u00eddicas en torno a la atribuci\u00f3n de responsabilidad por violaciones de derechos humanos y cr\u00edmenes internacionales en el contexto mexicano.\u00bb][team_member image_url=\u00bb6274&#8243; bio_alt_image_url=\u00bb6275&#8243; team_memeber_style=\u00bbbio_fullscreen_alt\u00bb image_loading=\u00bbdefault\u00bb name=\u00bbMart\u00edn Zicari\u00bb job_position=\u00bbInvestigador doctoral\u00bb team_member_bio=\u00bbMart\u00edn Z\u00edcari es investigador doctoral en el departamento de Estudios Culturales. Mart\u00edn es Licenciado en Historia por la Universidad de Buenos Aires, con una tesis titulada \u201cMemoria y pol\u00e9mica: la palabra po\u00e9tica en la Nueva Cor\u00f3nica i Buen Gobierno de Felipe Guam\u00e1n Poma de Ayala\u201d, sobre los estudios de memoria y la teor\u00eda postcolonial en el an\u00e1lisis de la literatura peruana.<\/p>\n<p>Durante su licenciatura recibi\u00f3 la beca Ernst Reuter Gesellschaft de la Universidad de Berl\u00edn, para llevar a cabo una estancia de investigaci\u00f3n en el marco del programa FUBIS.<br \/>\nMart\u00edn Z\u00edcari se interesa por el rol de los medios digitales en la formaci\u00f3n de movimientos sociales.<\/p>\n<p>En el marco del proyecto su investigaci\u00f3n se centra en los v\u00ednculos entre acciones art\u00edsticas y participaci\u00f3n pol\u00edtica en el contexto digital. Actualmente se encuentra trabajando en la trayectoria de la performance \u201cEl Siluetazo\u201d, utilizada en el movimiento de Derechos Humanos en Argentina y luego reactualizada en el contexto del activismo relacionado a la desaparici\u00f3n de los estudiantes de Ayotzinapa.\u00bb][\/vc_column_inner][\/vc_row_inner][\/vc_column][\/vc_row][vc_row type=\u00bbfull_width_background\u00bb full_screen_row_position=\u00bbmiddle\u00bb column_margin=\u00bbdefault\u00bb bg_image=\u00bbhttp:\/\/themenectar.com\/demo\/salient-corporate\/wp-content\/uploads\/2016\/01\/blur.png\u00bb bg_position=\u00bbleft top\u00bb bg_repeat=\u00bbno-repeat\u00bb scene_position=\u00bbcenter\u00bb text_color=\u00bbdark\u00bb text_align=\u00bbleft\u00bb enable_gradient=\u00bbtrue\u00bb color_overlay=\u00bb#ffffff\u00bb gradient_direction=\u00bbtop_to_bottom\u00bb overlay_strength=\u00bb1&#8243; shape_divider_position=\u00bbbottom\u00bb bg_image_animation=\u00bbnone\u00bb shape_type=\u00bb\u00bb][vc_column column_padding=\u00bbno-extra-padding\u00bb column_padding_position=\u00bball\u00bb background_color_opacity=\u00bb1&#8243; background_hover_color_opacity=\u00bb1&#8243; column_link_target=\u00bb_self\u00bb column_shadow=\u00bbnone\u00bb column_border_radius=\u00bbnone\u00bb width=\u00bb1\/6&#8243; tablet_width_inherit=\u00bbdefault\u00bb tablet_text_alignment=\u00bbdefault\u00bb phone_text_alignment=\u00bbdefault\u00bb overlay_strength=\u00bb0.3&#8243; column_border_width=\u00bbnone\u00bb column_border_style=\u00bbsolid\u00bb bg_image_animation=\u00bbnone\u00bb][\/vc_column][vc_column column_padding=\u00bbno-extra-padding\u00bb column_padding_position=\u00bball\u00bb background_color_opacity=\u00bb1&#8243; background_hover_color_opacity=\u00bb1&#8243; column_link_target=\u00bb_self\u00bb column_shadow=\u00bbnone\u00bb column_border_radius=\u00bbnone\u00bb width=\u00bb2\/3&#8243; tablet_width_inherit=\u00bbdefault\u00bb tablet_text_alignment=\u00bbdefault\u00bb phone_text_alignment=\u00bbdefault\u00bb overlay_strength=\u00bb0.3&#8243; column_border_width=\u00bbnone\u00bb column_border_style=\u00bbsolid\u00bb bg_image_animation=\u00bbnone\u00bb][divider line_type=\u00bbNo Line\u00bb custom_height=\u00bb25&#8243;][vc_row_inner content_placement=\u00bbbottom\u00bb column_margin=\u00bb20px\u00bb text_align=\u00bbleft\u00bb][vc_column_inner column_padding=\u00bbno-extra-padding\u00bb column_padding_position=\u00bball\u00bb background_color_opacity=\u00bb1&#8243; background_hover_color_opacity=\u00bb1&#8243; column_shadow=\u00bbnone\u00bb column_border_radius=\u00bbnone\u00bb column_link_target=\u00bb_self\u00bb width=\u00bb1\/2&#8243; tablet_width_inherit=\u00bbdefault\u00bb overlay_strength=\u00bb0.3&#8243; column_border_width=\u00bbnone\u00bb column_border_style=\u00bbsolid\u00bb bg_image_animation=\u00bbnone\u00bb enable_animation=\u00bbtrue\u00bb animation=\u00bbfade-in-from-bottom\u00bb][image_with_animation image_url=\u00bb6610&#8243; alignment=\u00bbcenter\u00bb animation=\u00bbFade In\u00bb hover_animation=\u00bbnone\u00bb border_radius=\u00bbnone\u00bb box_shadow=\u00bbnone\u00bb image_loading=\u00bbdefault\u00bb max_width=\u00bb100%\u00bb max_width_mobile=\u00bbdefault\u00bb margin_top=\u00bb20&#8243;][\/vc_column_inner][vc_column_inner column_padding=\u00bbno-extra-padding\u00bb column_padding_position=\u00bball\u00bb background_color_opacity=\u00bb1&#8243; background_hover_color_opacity=\u00bb1&#8243; column_shadow=\u00bbnone\u00bb column_border_radius=\u00bbnone\u00bb column_link_target=\u00bb_self\u00bb width=\u00bb1\/2&#8243; tablet_width_inherit=\u00bbdefault\u00bb overlay_strength=\u00bb0.3&#8243; column_border_width=\u00bbnone\u00bb column_border_style=\u00bbsolid\u00bb bg_image_animation=\u00bbnone\u00bb][image_with_animation image_url=\u00bb6260&#8243; alignment=\u00bbcenter\u00bb animation=\u00bbFade In\u00bb hover_animation=\u00bbnone\u00bb border_radius=\u00bbnone\u00bb box_shadow=\u00bbnone\u00bb image_loading=\u00bbdefault\u00bb max_width=\u00bb100%\u00bb max_width_mobile=\u00bbdefault\u00bb margin_top=\u00bb20&#8243;][\/vc_column_inner][\/vc_row_inner][vc_row_inner content_placement=\u00bbmiddle\u00bb column_margin=\u00bb20px\u00bb text_align=\u00bbleft\u00bb][vc_column_inner column_padding=\u00bbno-extra-padding\u00bb column_padding_position=\u00bball\u00bb background_color_opacity=\u00bb1&#8243; background_hover_color_opacity=\u00bb1&#8243; column_shadow=\u00bbnone\u00bb column_border_radius=\u00bbnone\u00bb column_link_target=\u00bb_self\u00bb width=\u00bb1\/1&#8243; tablet_width_inherit=\u00bbdefault\u00bb overlay_strength=\u00bb0.3&#8243; column_border_width=\u00bbnone\u00bb column_border_style=\u00bbsolid\u00bb bg_image_animation=\u00bbnone\u00bb enable_animation=\u00bbtrue\u00bb animation=\u00bbfade-in-from-bottom\u00bb][vc_column_text]\n<h6 style=\"text-align: center;\">Referencia de imagen principal:\u00a0<a href=\"https:\/\/www.flickr.com\/photos\/lancesh\/154871025\/in\/photolist-eFKL6-aeik2Z-Umb9kS-aeijqg-nZHHrV-Umb9yh-gsJdRV-oh2nZw-aem8gJ-o9aKz7-2GkNjD-c8aJDo-2a7uVf-9yMqih-nu1Hro-e6ELsx-inRPHi-ebQyAY-dV6xRh-bEfymg-aeimW2-hoh1-9seCJm-eCAah8-bPbb3g-eixh9c-4k7gxY-LeWjz-aem9Bw-dzoURe-dDXYLi-aQhkRk-USBAf3-5mZZB-djqJ9m-aein2p-b898MX-873fD8-8X1L1i-7EGDQj-qWMtYq-e79jX4-9Lwm3R-b4ZGN-epT5Pc-ZaeUC-7ANwNP-eoXUL8-axPABf-hxdgkh\" target=\"_blank\" rel=\"noopener noreferrer\"><span style=\"color: #993366;\">Flickr<\/span><\/a><\/h6>\n[\/vc_column_text][\/vc_column_inner][\/vc_row_inner][\/vc_column][vc_column column_padding=\u00bbno-extra-padding\u00bb column_padding_position=\u00bball\u00bb background_color_opacity=\u00bb1&#8243; background_hover_color_opacity=\u00bb1&#8243; column_link_target=\u00bb_self\u00bb column_shadow=\u00bbnone\u00bb column_border_radius=\u00bbnone\u00bb width=\u00bb1\/6&#8243; tablet_width_inherit=\u00bbdefault\u00bb tablet_text_alignment=\u00bbdefault\u00bb phone_text_alignment=\u00bbdefault\u00bb overlay_strength=\u00bb0.3&#8243; column_border_width=\u00bbnone\u00bb column_border_style=\u00bbsolid\u00bb bg_image_animation=\u00bbnone\u00bb][\/vc_column][\/vc_row]\n","protected":false},"excerpt":{"rendered":"<p>[vc_row type=\u00bbfull_width_content\u00bb full_screen_row_position=\u00bbmiddle\u00bb column_margin=\u00bbdefault\u00bb bg_image=\u00bb9&#8243; bg_position=\u00bbcenter center\u00bb bg_repeat=\u00bbno-repeat\u00bb bg_color=\u00bb#ffffff\u00bb scene_position=\u00bbcenter\u00bb text_color=\u00bbdark\u00bb text_align=\u00bbcenter\u00bb enable_gradient=\u00bbtrue\u00bb color_overlay=\u00bb#585b64&#8243; color_overlay_2=\u00bb#2c2f38&#8243; gradient_direction=\u00bbleft_t_to_right_b\u00bb overlay_strength=\u00bb0.95&#8243; shape_divider_position=\u00bbbottom\u00bb bg_image_animation=\u00bbnone\u00bb shape_type=\u00bb\u00bb][vc_column centered_text=\u00bbtrue\u00bb column_padding=\u00bbno-extra-padding\u00bb column_padding_position=\u00bball\u00bb background_color_opacity=\u00bb1&#8243; background_hover_color_opacity=\u00bb1&#8243; column_link_target=\u00bb_self\u00bb column_shadow=\u00bbnone\u00bb column_border_radius=\u00bbnone\u00bb width=\u00bb1\/1&#8243; tablet_width_inherit=\u00bbdefault\u00bb&#8230;<\/p>\n","protected":false},"author":1,"featured_media":0,"parent":0,"menu_order":0,"comment_status":"closed","ping_status":"closed","template":"","meta":[],"yoast_head":"<!-- This site is optimized with the Yoast SEO plugin v16.4 - https:\/\/yoast.com\/wordpress\/plugins\/seo\/ -->\n<title>Inicio - Digital Memories<\/title>\n<meta name=\"robots\" content=\"index, follow, max-snippet:-1, max-image-preview:large, max-video-preview:-1\" \/>\n<link rel=\"canonical\" href=\"https:\/\/digitalmemories.be\/\" \/>\n<meta property=\"og:locale\" content=\"es_ES\" \/>\n<meta property=\"og:type\" content=\"article\" \/>\n<meta property=\"og:title\" content=\"Inicio - Digital Memories\" \/>\n<meta property=\"og:description\" content=\"[vc_row type=\u00bbfull_width_content\u00bb full_screen_row_position=\u00bbmiddle\u00bb column_margin=\u00bbdefault\u00bb bg_image=\u00bb9&#8243; bg_position=\u00bbcenter center\u00bb bg_repeat=\u00bbno-repeat\u00bb bg_color=\u00bb#ffffff\u00bb scene_position=\u00bbcenter\u00bb text_color=\u00bbdark\u00bb text_align=\u00bbcenter\u00bb enable_gradient=\u00bbtrue\u00bb color_overlay=\u00bb#585b64&#8243; color_overlay_2=\u00bb#2c2f38&#8243; gradient_direction=\u00bbleft_t_to_right_b\u00bb overlay_strength=\u00bb0.95&#8243; shape_divider_position=\u00bbbottom\u00bb bg_image_animation=\u00bbnone\u00bb shape_type=\u00bb\u00bb][vc_column centered_text=\u00bbtrue\u00bb column_padding=\u00bbno-extra-padding\u00bb column_padding_position=\u00bball\u00bb background_color_opacity=\u00bb1&#8243; background_hover_color_opacity=\u00bb1&#8243; column_link_target=\u00bb_self\u00bb column_shadow=\u00bbnone\u00bb column_border_radius=\u00bbnone\u00bb width=\u00bb1\/1&#8243; tablet_width_inherit=\u00bbdefault\u00bb...\" \/>\n<meta property=\"og:url\" content=\"https:\/\/digitalmemories.be\/\" \/>\n<meta property=\"og:site_name\" content=\"Digital Memories\" \/>\n<meta property=\"article:modified_time\" content=\"2020-03-30T14:23:49+00:00\" \/>\n<meta name=\"twitter:card\" content=\"summary_large_image\" \/>\n<meta name=\"twitter:label1\" content=\"Tiempo de lectura\" \/>\n\t<meta name=\"twitter:data1\" content=\"14 minutos\" \/>\n<script type=\"application\/ld+json\" class=\"yoast-schema-graph\">{\"@context\":\"https:\/\/schema.org\",\"@graph\":[{\"@type\":\"WebSite\",\"@id\":\"https:\/\/digitalmemories.be\/#website\",\"url\":\"https:\/\/digitalmemories.be\/\",\"name\":\"Digital Memories\",\"description\":\"\",\"potentialAction\":[{\"@type\":\"SearchAction\",\"target\":\"https:\/\/digitalmemories.be\/?s={search_term_string}\",\"query-input\":\"required name=search_term_string\"}],\"inLanguage\":\"es\"},{\"@type\":\"WebPage\",\"@id\":\"https:\/\/digitalmemories.be\/#webpage\",\"url\":\"https:\/\/digitalmemories.be\/\",\"name\":\"Inicio - Digital Memories\",\"isPartOf\":{\"@id\":\"https:\/\/digitalmemories.be\/#website\"},\"datePublished\":\"2020-03-02T16:49:54+00:00\",\"dateModified\":\"2020-03-30T14:23:49+00:00\",\"breadcrumb\":{\"@id\":\"https:\/\/digitalmemories.be\/#breadcrumb\"},\"inLanguage\":\"es\",\"potentialAction\":[{\"@type\":\"ReadAction\",\"target\":[\"https:\/\/digitalmemories.be\/\"]}]},{\"@type\":\"BreadcrumbList\",\"@id\":\"https:\/\/digitalmemories.be\/#breadcrumb\",\"itemListElement\":[{\"@type\":\"ListItem\",\"position\":1,\"item\":{\"@type\":\"WebPage\",\"@id\":\"https:\/\/digitalmemories.be\/\",\"url\":\"https:\/\/digitalmemories.be\/\",\"name\":\"Portada\"}},{\"@type\":\"ListItem\",\"position\":2,\"item\":{\"@id\":\"https:\/\/digitalmemories.be\/#webpage\"}}]}]}<\/script>\n<!-- \/ Yoast SEO plugin. -->","_links":{"self":[{"href":"https:\/\/digitalmemories.be\/index.php?rest_route=\/wp\/v2\/pages\/6288"}],"collection":[{"href":"https:\/\/digitalmemories.be\/index.php?rest_route=\/wp\/v2\/pages"}],"about":[{"href":"https:\/\/digitalmemories.be\/index.php?rest_route=\/wp\/v2\/types\/page"}],"author":[{"embeddable":true,"href":"https:\/\/digitalmemories.be\/index.php?rest_route=\/wp\/v2\/users\/1"}],"replies":[{"embeddable":true,"href":"https:\/\/digitalmemories.be\/index.php?rest_route=%2Fwp%2Fv2%2Fcomments&post=6288"}],"version-history":[{"count":16,"href":"https:\/\/digitalmemories.be\/index.php?rest_route=\/wp\/v2\/pages\/6288\/revisions"}],"predecessor-version":[{"id":6611,"href":"https:\/\/digitalmemories.be\/index.php?rest_route=\/wp\/v2\/pages\/6288\/revisions\/6611"}],"wp:attachment":[{"href":"https:\/\/digitalmemories.be\/index.php?rest_route=%2Fwp%2Fv2%2Fmedia&parent=6288"}],"curies":[{"name":"wp","href":"https:\/\/api.w.org\/{rel}","templated":true}]}}